{"id":241,"date":"2021-04-05T17:04:20","date_gmt":"2021-04-05T17:04:20","guid":{"rendered":"https:\/\/aliancapelavida.com.br\/floripa\/?page_id=241"},"modified":"2021-04-12T20:32:25","modified_gmt":"2021-04-12T20:32:25","slug":"noticias","status":"publish","type":"page","link":"https:\/\/aliancapelavida.com.br\/floripa\/noticias\/","title":{"rendered":"Not\u00edcias"},"content":{"rendered":"\t\t<div data-elementor-type=\"wp-page\" data-elementor-id=\"241\" class=\"elementor elementor-241\">\n\t\t\t\t\t\t<section class=\"elementor-section elementor-top-section elementor-element elementor-element-271bc13 elementor-section-boxed elementor-section-height-default elementor-section-height-default\" data-id=\"271bc13\" data-element_type=\"section\" data-settings=\"{&quot;background_background&quot;:&quot;classic&quot;}\">\n\t\t\t\t\t\t<div class=\"elementor-container elementor-column-gap-default\">\n\t\t\t\t\t<div class=\"elementor-column elementor-col-50 elementor-top-column elementor-element elementor-element-7e9bb63\" data-id=\"7e9bb63\" data-element_type=\"column\">\n\t\t\t<div class=\"elementor-widget-wrap elementor-element-populated\">\n\t\t\t\t\t\t<div class=\"elementor-element elementor-element-f3785f1 elementor-widget elementor-widget-image\" data-id=\"f3785f1\" data-element_type=\"widget\" data-widget_type=\"image.default\">\n\t\t\t\t<div class=\"elementor-widget-container\">\n\t\t\t\t\t\t\t\t\t\t\t\t\t\t\t<img fetchpriority=\"high\" decoding=\"async\" width=\"600\" height=\"127\" src=\"https:\/\/aliancapelavida.com.br\/floripa\/wp-content\/uploads\/2021\/03\/logo-alianca-pela-vida-floripa.png\" class=\"attachment-large size-large wp-image-13\" alt=\"\" srcset=\"https:\/\/aliancapelavida.com.br\/floripa\/wp-content\/uploads\/2021\/03\/logo-alianca-pela-vida-floripa.png 600w, https:\/\/aliancapelavida.com.br\/floripa\/wp-content\/uploads\/2021\/03\/logo-alianca-pela-vida-floripa-300x64.png 300w\" sizes=\"(max-width: 600px) 100vw, 600px\" \/>\t\t\t\t\t\t\t\t\t\t\t\t\t\t\t<\/div>\n\t\t\t\t<\/div>\n\t\t\t\t\t<\/div>\n\t\t<\/div>\n\t\t\t\t<div class=\"elementor-column elementor-col-50 elementor-top-column elementor-element elementor-element-1458189\" data-id=\"1458189\" data-element_type=\"column\">\n\t\t\t<div class=\"elementor-widget-wrap elementor-element-populated\">\n\t\t\t\t\t\t<div class=\"elementor-element elementor-element-4700fca elementor-widget elementor-widget-text-editor\" data-id=\"4700fca\" data-element_type=\"widget\" data-widget_type=\"text-editor.default\">\n\t\t\t\t<div class=\"elementor-widget-container\">\n\t\t\t\t\t\t\t\t\t<p><strong><img decoding=\"async\" class=\"alignnone  wp-image-14\" src=\"https:\/\/aliancapelavida.com.br\/floripa\/wp-content\/uploads\/2021\/03\/local-alianca-pela-vida-florianopolis.png\" alt=\"\" width=\"28\" height=\"36\" \/> Florian\u00f3polis \/ S\u00e3o Jos\u00e9 \/ Bigua\u00e7u \/ Palho\u00e7a<\/strong><\/p>\t\t\t\t\t\t\t\t<\/div>\n\t\t\t\t<\/div>\n\t\t\t\t<div class=\"elementor-element elementor-element-154b5b8 elementor-hidden-tablet elementor-hidden-phone elementor-widget elementor-widget-image\" data-id=\"154b5b8\" data-element_type=\"widget\" data-widget_type=\"image.default\">\n\t\t\t\t<div class=\"elementor-widget-container\">\n\t\t\t\t\t\t\t\t\t\t\t\t\t\t\t\t<a href=\"https:\/\/aliancapelavida.com.br\/floripa\">\n\t\t\t\t\t\t\t<img decoding=\"async\" width=\"585\" height=\"140\" src=\"https:\/\/aliancapelavida.com.br\/floripa\/wp-content\/uploads\/2021\/04\/retornar-1.png\" class=\"attachment-large size-large wp-image-336\" alt=\"\" srcset=\"https:\/\/aliancapelavida.com.br\/floripa\/wp-content\/uploads\/2021\/04\/retornar-1.png 585w, https:\/\/aliancapelavida.com.br\/floripa\/wp-content\/uploads\/2021\/04\/retornar-1-300x72.png 300w\" sizes=\"(max-width: 585px) 100vw, 585px\" \/>\t\t\t\t\t\t\t\t<\/a>\n\t\t\t\t\t\t\t\t\t\t\t\t\t\t\t<\/div>\n\t\t\t\t<\/div>\n\t\t\t\t\t<\/div>\n\t\t<\/div>\n\t\t\t\t\t<\/div>\n\t\t<\/section>\n\t\t\t\t<section class=\"elementor-section elementor-top-section elementor-element elementor-element-78d8c8d elementor-section-boxed elementor-section-height-default elementor-section-height-default\" data-id=\"78d8c8d\" data-element_type=\"section\" data-settings=\"{&quot;background_background&quot;:&quot;classic&quot;}\">\n\t\t\t\t\t\t<div class=\"elementor-container elementor-column-gap-default\">\n\t\t\t\t\t<div class=\"elementor-column elementor-col-100 elementor-top-column elementor-element elementor-element-c5196ee\" data-id=\"c5196ee\" data-element_type=\"column\">\n\t\t\t<div class=\"elementor-widget-wrap elementor-element-populated\">\n\t\t\t\t\t\t<div class=\"elementor-element elementor-element-923f79b elementor-widget elementor-widget-text-editor\" data-id=\"923f79b\" data-element_type=\"widget\" data-widget_type=\"text-editor.default\">\n\t\t\t\t<div class=\"elementor-widget-container\">\n\t\t\t\t\t\t\t\t\t<p><img loading=\"lazy\" decoding=\"async\" class=\"alignnone wp-image-280\" src=\"https:\/\/aliancapelavida.com.br\/floripa\/wp-content\/uploads\/2021\/04\/NEW-ICON-300x266.png\" alt=\"\" width=\"56\" height=\"50\" srcset=\"https:\/\/aliancapelavida.com.br\/floripa\/wp-content\/uploads\/2021\/04\/NEW-ICON-300x266.png 300w, https:\/\/aliancapelavida.com.br\/floripa\/wp-content\/uploads\/2021\/04\/NEW-ICON-396x357.png 396w, https:\/\/aliancapelavida.com.br\/floripa\/wp-content\/uploads\/2021\/04\/NEW-ICON.png 402w\" sizes=\"(max-width: 56px) 100vw, 56px\" \/> Not\u00edcias<\/p>\t\t\t\t\t\t\t\t<\/div>\n\t\t\t\t<\/div>\n\t\t\t\t<div class=\"elementor-element elementor-element-b33aace elementor-hidden-tablet elementor-hidden-phone elementor-widget elementor-widget-image\" data-id=\"b33aace\" data-element_type=\"widget\" data-widget_type=\"image.default\">\n\t\t\t\t<div class=\"elementor-widget-container\">\n\t\t\t\t\t\t\t\t\t\t\t\t\t\t\t<img loading=\"lazy\" decoding=\"async\" width=\"274\" height=\"395\" src=\"https:\/\/aliancapelavida.com.br\/floripa\/wp-content\/uploads\/2021\/03\/alianca-pela-vida-para-baixo-covid19.png\" class=\"attachment-large size-large wp-image-80\" alt=\"\" srcset=\"https:\/\/aliancapelavida.com.br\/floripa\/wp-content\/uploads\/2021\/03\/alianca-pela-vida-para-baixo-covid19.png 274w, https:\/\/aliancapelavida.com.br\/floripa\/wp-content\/uploads\/2021\/03\/alianca-pela-vida-para-baixo-covid19-208x300.png 208w\" sizes=\"(max-width: 274px) 100vw, 274px\" \/>\t\t\t\t\t\t\t\t\t\t\t\t\t\t\t<\/div>\n\t\t\t\t<\/div>\n\t\t\t\t\t<\/div>\n\t\t<\/div>\n\t\t\t\t\t<\/div>\n\t\t<\/section>\n\t\t\t\t<section class=\"elementor-section elementor-top-section elementor-element elementor-element-6677ba6 elementor-section-boxed elementor-section-height-default elementor-section-height-default\" data-id=\"6677ba6\" data-element_type=\"section\" data-settings=\"{&quot;background_background&quot;:&quot;classic&quot;}\">\n\t\t\t\t\t\t<div class=\"elementor-container elementor-column-gap-default\">\n\t\t\t\t\t<div class=\"elementor-column elementor-col-100 elementor-top-column elementor-element elementor-element-3c86550\" data-id=\"3c86550\" data-element_type=\"column\">\n\t\t\t<div class=\"elementor-widget-wrap\">\n\t\t\t\t\t\t\t<\/div>\n\t\t<\/div>\n\t\t\t\t\t<\/div>\n\t\t<\/section>\n\t\t\t\t<section class=\"elementor-section elementor-top-section elementor-element elementor-element-a9732d8 elementor-section-boxed elementor-section-height-default elementor-section-height-default\" data-id=\"a9732d8\" data-element_type=\"section\">\n\t\t\t\t\t\t<div class=\"elementor-container elementor-column-gap-default\">\n\t\t\t\t\t<div class=\"elementor-column elementor-col-100 elementor-top-column elementor-element elementor-element-07f1935\" data-id=\"07f1935\" data-element_type=\"column\">\n\t\t\t<div class=\"elementor-widget-wrap elementor-element-populated\">\n\t\t\t\t\t\t<div class=\"elementor-element elementor-element-1805296 elementor-grid-eael-col-3 elementor-grid-tablet-eael-col-2 elementor-grid-mobile-eael-col-1 elementor-widget elementor-widget-eael-post-grid\" data-id=\"1805296\" data-element_type=\"widget\" data-settings=\"{&quot;eael_post_grid_columns&quot;:&quot;eael-col-3&quot;,&quot;eael_post_grid_columns_tablet&quot;:&quot;eael-col-2&quot;,&quot;eael_post_grid_columns_mobile&quot;:&quot;eael-col-1&quot;}\" data-widget_type=\"eael-post-grid.default\">\n\t\t\t\t<div class=\"elementor-widget-container\">\n\t\t\t\t\t<div id=\"eael-post-grid-1805296\" class=\"eael-post-grid-container\">\n            <div class=\"eael-post-grid eael-post-appender eael-post-appender-1805296 eael-post-grid-style-one\" data-layout-mode=\"grid\"><article class=\"eael-grid-post eael-post-grid-column\" data-id=\"744\">\n        <div class=\"eael-grid-post-holder\">\n            <div class=\"eael-grid-post-holder-inner\"><div class=\"eael-entry-media\"><div class=\"eael-entry-overlay fade-in\"><i class=\"fas fa-long-arrow-alt-right\" aria-hidden=\"true\"><\/i><a href=\"https:\/\/aliancapelavida.com.br\/floripa\/2021\/06\/02\/hospital-celso-ramos-recebe-doacoes-da-iniciativa-alianca-pela-vida-2\/\"><\/a><\/div><div class=\"eael-entry-thumbnail \">\n                <img loading=\"lazy\" decoding=\"async\" width=\"396\" height=\"360\" src=\"https:\/\/aliancapelavida.com.br\/floripa\/wp-content\/uploads\/2021\/04\/16185044743200-396x360.jpg\" class=\"attachment-htmega_size_396x360 size-htmega_size_396x360 wp-image-592\" alt=\"\" \/>\n            <\/div>\n        <\/div><div class=\"eael-entry-wrapper\"><header class=\"eael-entry-header\"><h2 class=\"eael-entry-title\"><a class=\"eael-grid-post-link\" href=\"https:\/\/aliancapelavida.com.br\/floripa\/2021\/06\/02\/hospital-celso-ramos-recebe-doacoes-da-iniciativa-alianca-pela-vida-2\/\" title=\"Alian\u00e7a Pela Vida prorroga servi\u00e7os at\u00e9 o fim de junho\">Alian\u00e7a Pela Vida prorroga servi\u00e7os at\u00e9 o fim de junho<\/a><\/h2><\/header><div class=\"eael-entry-content\">\n                        <div class=\"eael-grid-post-excerpt\"><p>Desde o fim de mar\u00e7o, s\u00e3o cerca de 4,3 mil atendimentos na Grande Florian\u00f3polis \u00a0...<\/p><a href=\"https:\/\/aliancapelavida.com.br\/floripa\/2021\/06\/02\/hospital-celso-ramos-recebe-doacoes-da-iniciativa-alianca-pela-vida-2\/\" class=\"eael-post-elements-readmore-btn\">Leia mais<\/a><\/div>\n                    <\/div><\/div><\/div>\n        <\/div>\n    <\/article><article class=\"eael-grid-post eael-post-grid-column\" data-id=\"699\">\n        <div class=\"eael-grid-post-holder\">\n            <div class=\"eael-grid-post-holder-inner\"><div class=\"eael-entry-media\"><div class=\"eael-entry-overlay fade-in\"><i class=\"fas fa-long-arrow-alt-right\" aria-hidden=\"true\"><\/i><a href=\"https:\/\/aliancapelavida.com.br\/floripa\/2021\/05\/18\/hospital-celso-ramos-recebe-doacoes-da-iniciativa-alianca-pela-vida\/\"><\/a><\/div><div class=\"eael-entry-thumbnail \">\n                <img loading=\"lazy\" decoding=\"async\" width=\"396\" height=\"360\" src=\"https:\/\/aliancapelavida.com.br\/floripa\/wp-content\/uploads\/2021\/05\/IMG_6634-396x360.jpg\" class=\"attachment-htmega_size_396x360 size-htmega_size_396x360 wp-image-702\" alt=\"\" \/>\n            <\/div>\n        <\/div><div class=\"eael-entry-wrapper\"><header class=\"eael-entry-header\"><h2 class=\"eael-entry-title\"><a class=\"eael-grid-post-link\" href=\"https:\/\/aliancapelavida.com.br\/floripa\/2021\/05\/18\/hospital-celso-ramos-recebe-doacoes-da-iniciativa-alianca-pela-vida\/\" title=\"Hospital Celso Ramos recebe doa\u00e7\u00f5es da iniciativa Alian\u00e7a Pela Vida\">Hospital Celso Ramos recebe doa\u00e7\u00f5es da iniciativa Alian\u00e7a Pela Vida<\/a><\/h2><\/header><div class=\"eael-entry-content\">\n                        <div class=\"eael-grid-post-excerpt\"><p>Entidades e empresas entregaram equipamentos no valor de R$ 123,6 mil Al\u00e9m de oferecer suporte...<\/p><a href=\"https:\/\/aliancapelavida.com.br\/floripa\/2021\/05\/18\/hospital-celso-ramos-recebe-doacoes-da-iniciativa-alianca-pela-vida\/\" class=\"eael-post-elements-readmore-btn\">Leia mais<\/a><\/div>\n                    <\/div><\/div><\/div>\n        <\/div>\n    <\/article><article class=\"eael-grid-post eael-post-grid-column\" data-id=\"662\">\n        <div class=\"eael-grid-post-holder\">\n            <div class=\"eael-grid-post-holder-inner\"><div class=\"eael-entry-media\"><div class=\"eael-entry-overlay fade-in\"><i class=\"fas fa-long-arrow-alt-right\" aria-hidden=\"true\"><\/i><a href=\"https:\/\/aliancapelavida.com.br\/floripa\/2021\/04\/29\/alianca-pela-vida-iniciativa-e-prorrogada-por-mais-60-dias\/\"><\/a><\/div><div class=\"eael-entry-thumbnail \">\n                <img loading=\"lazy\" decoding=\"async\" width=\"396\" height=\"360\" src=\"https:\/\/aliancapelavida.com.br\/floripa\/wp-content\/uploads\/2021\/04\/apv-396x360.jpg\" class=\"attachment-htmega_size_396x360 size-htmega_size_396x360 wp-image-663\" alt=\"\" \/>\n            <\/div>\n        <\/div><div class=\"eael-entry-wrapper\"><header class=\"eael-entry-header\"><h2 class=\"eael-entry-title\"><a class=\"eael-grid-post-link\" href=\"https:\/\/aliancapelavida.com.br\/floripa\/2021\/04\/29\/alianca-pela-vida-iniciativa-e-prorrogada-por-mais-60-dias\/\" title=\"Alian\u00e7a pela vida: iniciativa \u00e9 prorrogada por mais 60 dias\">Alian\u00e7a pela vida: iniciativa \u00e9 prorrogada por mais 60 dias<\/a><\/h2><\/header><div class=\"eael-entry-content\">\n                        <div class=\"eael-grid-post-excerpt\"><p>O projeto que realiza atendimentos m\u00e9dicos online e encaminha pacientes com a Covid-19 para unidades...<\/p><a href=\"https:\/\/aliancapelavida.com.br\/floripa\/2021\/04\/29\/alianca-pela-vida-iniciativa-e-prorrogada-por-mais-60-dias\/\" class=\"eael-post-elements-readmore-btn\">Leia mais<\/a><\/div>\n                    <\/div><\/div><\/div>\n        <\/div>\n    <\/article><article class=\"eael-grid-post eael-post-grid-column\" data-id=\"605\">\n        <div class=\"eael-grid-post-holder\">\n            <div class=\"eael-grid-post-holder-inner\"><div class=\"eael-entry-media\"><div class=\"eael-entry-overlay fade-in\"><i class=\"fas fa-long-arrow-alt-right\" aria-hidden=\"true\"><\/i><a href=\"https:\/\/aliancapelavida.com.br\/floripa\/2021\/04\/19\/servico-alianca-pela-vida-ajuda-a-desafogar-hospitais-da-grande-florianopolis\/\"><\/a><\/div><div class=\"eael-entry-thumbnail \">\n                <img loading=\"lazy\" decoding=\"async\" width=\"396\" height=\"360\" src=\"https:\/\/aliancapelavida.com.br\/floripa\/wp-content\/uploads\/2021\/04\/hospital-sao-miguel-800x533-1-396x360.jpg\" class=\"attachment-htmega_size_396x360 size-htmega_size_396x360 wp-image-606\" alt=\"\" \/>\n            <\/div>\n        <\/div><div class=\"eael-entry-wrapper\"><header class=\"eael-entry-header\"><h2 class=\"eael-entry-title\"><a class=\"eael-grid-post-link\" href=\"https:\/\/aliancapelavida.com.br\/floripa\/2021\/04\/19\/servico-alianca-pela-vida-ajuda-a-desafogar-hospitais-da-grande-florianopolis\/\" title=\"Servi\u00e7o Alian\u00e7a Pela Vida ajuda a desafogar hospitais da Grande Florian\u00f3polis\">Servi\u00e7o Alian\u00e7a Pela Vida ajuda a desafogar hospitais da Grande Florian\u00f3polis<\/a><\/h2><\/header><div class=\"eael-entry-content\">\n                        <div class=\"eael-grid-post-excerpt\"><p>Imagem: Divulga\u00e7\u00e3o Novo servi\u00e7o de sa\u00fade para pacientes com Covid na Grande Florian\u00f3polis, o Alian\u00e7a...<\/p><a href=\"https:\/\/aliancapelavida.com.br\/floripa\/2021\/04\/19\/servico-alianca-pela-vida-ajuda-a-desafogar-hospitais-da-grande-florianopolis\/\" class=\"eael-post-elements-readmore-btn\">Leia mais<\/a><\/div>\n                    <\/div><\/div><\/div>\n        <\/div>\n    <\/article><article class=\"eael-grid-post eael-post-grid-column\" data-id=\"591\">\n        <div class=\"eael-grid-post-holder\">\n            <div class=\"eael-grid-post-holder-inner\"><div class=\"eael-entry-media\"><div class=\"eael-entry-overlay fade-in\"><i class=\"fas fa-long-arrow-alt-right\" aria-hidden=\"true\"><\/i><a href=\"https:\/\/aliancapelavida.com.br\/floripa\/2021\/04\/15\/alianca-pela-vida-iniciativa-do-setor-produtivo-ja-atendeu-1355-pacientes-de-covid-19-na-grande-florianopolis\/\"><\/a><\/div><div class=\"eael-entry-thumbnail \">\n                <img loading=\"lazy\" decoding=\"async\" width=\"396\" height=\"360\" src=\"https:\/\/aliancapelavida.com.br\/floripa\/wp-content\/uploads\/2021\/04\/16185044743200-396x360.jpg\" class=\"attachment-htmega_size_396x360 size-htmega_size_396x360 wp-image-592\" alt=\"\" \/>\n            <\/div>\n        <\/div><div class=\"eael-entry-wrapper\"><header class=\"eael-entry-header\"><h2 class=\"eael-entry-title\"><a class=\"eael-grid-post-link\" href=\"https:\/\/aliancapelavida.com.br\/floripa\/2021\/04\/15\/alianca-pela-vida-iniciativa-do-setor-produtivo-ja-atendeu-1355-pacientes-de-covid-19-na-grande-florianopolis\/\" title=\"Alian\u00e7a Pela Vida: Cerca de 70% dos pacientes atendidos apresentaram melhora\">Alian\u00e7a Pela Vida: Cerca de 70% dos pacientes atendidos apresentaram melhora<\/a><\/h2><\/header><div class=\"eael-entry-content\">\n                        <div class=\"eael-grid-post-excerpt\"><p>\u00a0 Alian\u00e7a Pela Vida: Cerca de 70% dos pacientes atendidos apresentaram melhora \u00a0 \u00daltimo levantamento...<\/p><a href=\"https:\/\/aliancapelavida.com.br\/floripa\/2021\/04\/15\/alianca-pela-vida-iniciativa-do-setor-produtivo-ja-atendeu-1355-pacientes-de-covid-19-na-grande-florianopolis\/\" class=\"eael-post-elements-readmore-btn\">Leia mais<\/a><\/div>\n                    <\/div><\/div><\/div>\n        <\/div>\n    <\/article><article class=\"eael-grid-post eael-post-grid-column\" data-id=\"578\">\n        <div class=\"eael-grid-post-holder\">\n            <div class=\"eael-grid-post-holder-inner\"><div class=\"eael-entry-media\"><div class=\"eael-entry-overlay fade-in\"><i class=\"fas fa-long-arrow-alt-right\" aria-hidden=\"true\"><\/i><a href=\"https:\/\/aliancapelavida.com.br\/floripa\/2021\/04\/14\/clipping-de-noticias\/\"><\/a><\/div><div class=\"eael-entry-thumbnail \">\n                <img loading=\"lazy\" decoding=\"async\" width=\"396\" height=\"360\" src=\"https:\/\/aliancapelavida.com.br\/floripa\/wp-content\/uploads\/2021\/04\/Clipping-de-Noticias-1-396x360.png\" class=\"attachment-htmega_size_396x360 size-htmega_size_396x360 wp-image-581\" alt=\"\" \/>\n            <\/div>\n        <\/div><div class=\"eael-entry-wrapper\"><header class=\"eael-entry-header\"><h2 class=\"eael-entry-title\"><a class=\"eael-grid-post-link\" href=\"https:\/\/aliancapelavida.com.br\/floripa\/2021\/04\/14\/clipping-de-noticias\/\" title=\"Clipping de Not\u00edcias\">Clipping de Not\u00edcias<\/a><\/h2><\/header><div class=\"eael-entry-content\">\n                        <div class=\"eael-grid-post-excerpt\"><p>Clipping de Not\u00edcias &#8211; Mar\u00e7o<\/p><a href=\"https:\/\/aliancapelavida.com.br\/floripa\/2021\/04\/14\/clipping-de-noticias\/\" class=\"eael-post-elements-readmore-btn\">Leia mais<\/a><\/div>\n                    <\/div><\/div><\/div>\n        <\/div>\n    <\/article><article class=\"eael-grid-post eael-post-grid-column\" data-id=\"550\">\n        <div class=\"eael-grid-post-holder\">\n            <div class=\"eael-grid-post-holder-inner\"><div class=\"eael-entry-media\"><div class=\"eael-entry-overlay fade-in\"><i class=\"fas fa-long-arrow-alt-right\" aria-hidden=\"true\"><\/i><a href=\"https:\/\/aliancapelavida.com.br\/floripa\/2021\/04\/13\/servico-alianca-pela-vida-realiza-mais-de-550-atendimentos-em-48-horas\/\"><\/a><\/div><div class=\"eael-entry-thumbnail \">\n                <img loading=\"lazy\" decoding=\"async\" width=\"396\" height=\"360\" src=\"https:\/\/aliancapelavida.com.br\/floripa\/wp-content\/uploads\/2021\/04\/Diario-Catarinense-Estela-Benetti-\u2013-29.03-396x360.png\" class=\"attachment-htmega_size_396x360 size-htmega_size_396x360 wp-image-551\" alt=\"\" \/>\n            <\/div>\n        <\/div><div class=\"eael-entry-wrapper\"><header class=\"eael-entry-header\"><h2 class=\"eael-entry-title\"><a class=\"eael-grid-post-link\" href=\"https:\/\/aliancapelavida.com.br\/floripa\/2021\/04\/13\/servico-alianca-pela-vida-realiza-mais-de-550-atendimentos-em-48-horas\/\" title=\"Alian\u00e7a Pela Vida: Iniciativa do setor produtivo j\u00e1 atendeu 1355 pacientes de Covid-19 na Grande Florian\u00f3polis\">Alian\u00e7a Pela Vida: Iniciativa do setor produtivo j\u00e1 atendeu 1355 pacientes de Covid-19 na Grande Florian\u00f3polis<\/a><\/h2><\/header><div class=\"eael-entry-content\">\n                        <div class=\"eael-grid-post-excerpt\"><p>Alian\u00e7a Pela Vida: Iniciativa do setor produtivo j\u00e1 atendeu 1355 pacientes de Covid-19 na Grande...<\/p><a href=\"https:\/\/aliancapelavida.com.br\/floripa\/2021\/04\/13\/servico-alianca-pela-vida-realiza-mais-de-550-atendimentos-em-48-horas\/\" class=\"eael-post-elements-readmore-btn\">Leia mais<\/a><\/div>\n                    <\/div><\/div><\/div>\n        <\/div>\n    <\/article><article class=\"eael-grid-post eael-post-grid-column\" data-id=\"440\">\n        <div class=\"eael-grid-post-holder\">\n            <div class=\"eael-grid-post-holder-inner\"><div class=\"eael-entry-media\"><div class=\"eael-entry-overlay fade-in\"><i class=\"fas fa-long-arrow-alt-right\" aria-hidden=\"true\"><\/i><a href=\"https:\/\/aliancapelavida.com.br\/floripa\/2021\/04\/10\/dados-do-alianca-pela-vida-chamam-atencao-por-casos-de-covid-ate-60-anos-e-acima-de-80-2\/\"><\/a><\/div><div class=\"eael-entry-thumbnail \">\n                <img loading=\"lazy\" decoding=\"async\" width=\"396\" height=\"360\" src=\"https:\/\/aliancapelavida.com.br\/floripa\/wp-content\/uploads\/2021\/04\/img_8119-800x533-1-396x360.jpg\" class=\"attachment-htmega_size_396x360 size-htmega_size_396x360 wp-image-441\" alt=\"\" \/>\n            <\/div>\n        <\/div><div class=\"eael-entry-wrapper\"><header class=\"eael-entry-header\"><h2 class=\"eael-entry-title\"><a class=\"eael-grid-post-link\" href=\"https:\/\/aliancapelavida.com.br\/floripa\/2021\/04\/10\/dados-do-alianca-pela-vida-chamam-atencao-por-casos-de-covid-ate-60-anos-e-acima-de-80-2\/\" title=\"Fila por leito de UTI reduz em SC e Grande Florian\u00f3polis zera espera\">Fila por leito de UTI reduz em SC e Grande Florian\u00f3polis zera espera<\/a><\/h2><\/header><div class=\"eael-entry-content\">\n                        <div class=\"eael-grid-post-excerpt\"><p>\u00a0 \u00a0 \u00a0 \u00a0 \u00a0 \u00a0 \u00a0 \u00a0 \u00a0 \u00a0 \u00a0 \u00a0 \u00a0 \u00a0 \u00a0...<\/p><a href=\"https:\/\/aliancapelavida.com.br\/floripa\/2021\/04\/10\/dados-do-alianca-pela-vida-chamam-atencao-por-casos-de-covid-ate-60-anos-e-acima-de-80-2\/\" class=\"eael-post-elements-readmore-btn\">Leia mais<\/a><\/div>\n                    <\/div><\/div><\/div>\n        <\/div>\n    <\/article><article class=\"eael-grid-post eael-post-grid-column\" data-id=\"460\">\n        <div class=\"eael-grid-post-holder\">\n            <div class=\"eael-grid-post-holder-inner\"><div class=\"eael-entry-media\"><div class=\"eael-entry-overlay fade-in\"><i class=\"fas fa-long-arrow-alt-right\" aria-hidden=\"true\"><\/i><a href=\"https:\/\/aliancapelavida.com.br\/floripa\/2021\/04\/06\/servico-alianca-pela-vida-monitora-pacientes-de-covid-que-se-recuperam-em-casa\/\"><\/a><\/div><div class=\"eael-entry-thumbnail \">\n                <img loading=\"lazy\" decoding=\"async\" width=\"396\" height=\"360\" src=\"https:\/\/aliancapelavida.com.br\/floripa\/wp-content\/uploads\/2021\/04\/HelpAliancaPelaSaude_1-396x360.jpg\" class=\"attachment-htmega_size_396x360 size-htmega_size_396x360 wp-image-463\" alt=\"\" \/>\n            <\/div>\n        <\/div><div class=\"eael-entry-wrapper\"><header class=\"eael-entry-header\"><h2 class=\"eael-entry-title\"><a class=\"eael-grid-post-link\" href=\"https:\/\/aliancapelavida.com.br\/floripa\/2021\/04\/06\/servico-alianca-pela-vida-monitora-pacientes-de-covid-que-se-recuperam-em-casa\/\" title=\"Servi\u00e7o Alian\u00e7a Pela Vida monitora pacientes de Covid que se recuperam em casa\">Servi\u00e7o Alian\u00e7a Pela Vida monitora pacientes de Covid que se recuperam em casa<\/a><\/h2><\/header><div class=\"eael-entry-content\">\n                        <div class=\"eael-grid-post-excerpt\"><p>Servi\u00e7o Alian\u00e7a Pela Vida monitora pacientes de Covid que se recuperam em casa \u00a0 \u00a0...<\/p><a href=\"https:\/\/aliancapelavida.com.br\/floripa\/2021\/04\/06\/servico-alianca-pela-vida-monitora-pacientes-de-covid-que-se-recuperam-em-casa\/\" class=\"eael-post-elements-readmore-btn\">Leia mais<\/a><\/div>\n                    <\/div><\/div><\/div>\n        <\/div>\n    <\/article><article class=\"eael-grid-post eael-post-grid-column\" data-id=\"322\">\n        <div class=\"eael-grid-post-holder\">\n            <div class=\"eael-grid-post-holder-inner\"><div class=\"eael-entry-media\"><div class=\"eael-entry-overlay fade-in\"><i class=\"fas fa-long-arrow-alt-right\" aria-hidden=\"true\"><\/i><a href=\"https:\/\/aliancapelavida.com.br\/floripa\/2021\/04\/06\/dados-do-alianca-pela-vida-chamam-atencao-por-casos-de-covid-ate-60-anos-e-acima-de-80\/\"><\/a><\/div><div class=\"eael-entry-thumbnail \">\n                <img loading=\"lazy\" decoding=\"async\" width=\"396\" height=\"360\" src=\"https:\/\/aliancapelavida.com.br\/floripa\/wp-content\/uploads\/2021\/04\/foto-396x360.jpg\" class=\"attachment-htmega_size_396x360 size-htmega_size_396x360 wp-image-332\" alt=\"\" \/>\n            <\/div>\n        <\/div><div class=\"eael-entry-wrapper\"><header class=\"eael-entry-header\"><h2 class=\"eael-entry-title\"><a class=\"eael-grid-post-link\" href=\"https:\/\/aliancapelavida.com.br\/floripa\/2021\/04\/06\/dados-do-alianca-pela-vida-chamam-atencao-por-casos-de-covid-ate-60-anos-e-acima-de-80\/\" title=\"Dados do Alian\u00e7a Pela Vida chamam aten\u00e7\u00e3o por casos de Covid at\u00e9 60 anos e acima de 80\">Dados do Alian\u00e7a Pela Vida chamam aten\u00e7\u00e3o por casos de Covid at\u00e9 60 anos e acima de 80<\/a><\/h2><\/header><div class=\"eael-entry-content\">\n                        <div class=\"eael-grid-post-excerpt\"><p>Dados do Alian\u00e7a Pela Vida chamam aten\u00e7\u00e3o por casos de Covid at\u00e9 60 anos e...<\/p><a href=\"https:\/\/aliancapelavida.com.br\/floripa\/2021\/04\/06\/dados-do-alianca-pela-vida-chamam-atencao-por-casos-de-covid-ate-60-anos-e-acima-de-80\/\" class=\"eael-post-elements-readmore-btn\">Leia mais<\/a><\/div>\n                    <\/div><\/div><\/div>\n        <\/div>\n    <\/article><article class=\"eael-grid-post eael-post-grid-column\" data-id=\"234\">\n        <div class=\"eael-grid-post-holder\">\n            <div class=\"eael-grid-post-holder-inner\"><div class=\"eael-entry-media\"><div class=\"eael-entry-overlay fade-in\"><i class=\"fas fa-long-arrow-alt-right\" aria-hidden=\"true\"><\/i><a href=\"https:\/\/aliancapelavida.com.br\/floripa\/2021\/03\/31\/hospital-universitario-de-florianopolis-recebe-r-71-mil-em-doacoes-de-empresarios\/\"><\/a><\/div><div class=\"eael-entry-thumbnail \">\n                <img loading=\"lazy\" decoding=\"async\" width=\"396\" height=\"360\" src=\"https:\/\/aliancapelavida.com.br\/floripa\/wp-content\/uploads\/2021\/04\/alianca-pela-vida-atendimentos-investimentos-396x360.jpg\" class=\"attachment-htmega_size_396x360 size-htmega_size_396x360 wp-image-235\" alt=\"\" \/>\n            <\/div>\n        <\/div><div class=\"eael-entry-wrapper\"><header class=\"eael-entry-header\"><h2 class=\"eael-entry-title\"><a class=\"eael-grid-post-link\" href=\"https:\/\/aliancapelavida.com.br\/floripa\/2021\/03\/31\/hospital-universitario-de-florianopolis-recebe-r-71-mil-em-doacoes-de-empresarios\/\" title=\"Hospital Universit\u00e1rio de Florian\u00f3polis recebe R$ 71 mil em doa\u00e7\u00f5es de empres\u00e1rios\">Hospital Universit\u00e1rio de Florian\u00f3polis recebe R$ 71 mil em doa\u00e7\u00f5es de empres\u00e1rios<\/a><\/h2><\/header><div class=\"eael-entry-content\">\n                        <div class=\"eael-grid-post-excerpt\"><p>Hospital Universit\u00e1rio de Florian\u00f3polis recebe R$ 71 mil em doa\u00e7\u00f5es de empres\u00e1rios O HU (Hospital...<\/p><a href=\"https:\/\/aliancapelavida.com.br\/floripa\/2021\/03\/31\/hospital-universitario-de-florianopolis-recebe-r-71-mil-em-doacoes-de-empresarios\/\" class=\"eael-post-elements-readmore-btn\">Leia mais<\/a><\/div>\n                    <\/div><\/div><\/div>\n        <\/div>\n    <\/article><article class=\"eael-grid-post eael-post-grid-column\" data-id=\"225\">\n        <div class=\"eael-grid-post-holder\">\n            <div class=\"eael-grid-post-holder-inner\"><div class=\"eael-entry-media\"><div class=\"eael-entry-overlay fade-in\"><i class=\"fas fa-long-arrow-alt-right\" aria-hidden=\"true\"><\/i><a href=\"https:\/\/aliancapelavida.com.br\/floripa\/2021\/03\/31\/15-mil-pacientes-ja-foram-atendidos-por-projeto-medico-contra-a-covid-19-na-grande-florianopolis\/\"><\/a><\/div><div class=\"eael-entry-thumbnail \">\n                <img loading=\"lazy\" decoding=\"async\" width=\"396\" height=\"360\" src=\"https:\/\/aliancapelavida.com.br\/floripa\/wp-content\/uploads\/2021\/04\/alianca-pela-vida-atendimentos-396x360.jpg\" class=\"attachment-htmega_size_396x360 size-htmega_size_396x360 wp-image-226\" alt=\"\" \/>\n            <\/div>\n        <\/div><div class=\"eael-entry-wrapper\"><header class=\"eael-entry-header\"><h2 class=\"eael-entry-title\"><a class=\"eael-grid-post-link\" href=\"https:\/\/aliancapelavida.com.br\/floripa\/2021\/03\/31\/15-mil-pacientes-ja-foram-atendidos-por-projeto-medico-contra-a-covid-19-na-grande-florianopolis\/\" title=\"1,5 mil pacientes j\u00e1 foram atendidos por projeto m\u00e9dico contra a covid-19 na Grande Florian\u00f3polis\">1,5 mil pacientes j\u00e1 foram atendidos por projeto m\u00e9dico contra a covid-19 na Grande Florian\u00f3polis<\/a><\/h2><\/header><div class=\"eael-entry-content\">\n                        <div class=\"eael-grid-post-excerpt\"><p>J\u00e1 s\u00e3o mais de 1,5 mil pacientes de covid-19 atendidos gratuitamente, desde o \u00faltimo domingo...<\/p><a href=\"https:\/\/aliancapelavida.com.br\/floripa\/2021\/03\/31\/15-mil-pacientes-ja-foram-atendidos-por-projeto-medico-contra-a-covid-19-na-grande-florianopolis\/\" class=\"eael-post-elements-readmore-btn\">Leia mais<\/a><\/div>\n                    <\/div><\/div><\/div>\n        <\/div>\n    <\/article><article class=\"eael-grid-post eael-post-grid-column\" data-id=\"495\">\n        <div class=\"eael-grid-post-holder\">\n            <div class=\"eael-grid-post-holder-inner\"><div class=\"eael-entry-media\"><div class=\"eael-entry-overlay fade-in\"><i class=\"fas fa-long-arrow-alt-right\" aria-hidden=\"true\"><\/i><a href=\"https:\/\/aliancapelavida.com.br\/floripa\/2021\/03\/29\/servico-alianca-pela-vida-monitora-pacientes-de-covid-que-se-recuperam-em-casa-2\/\"><\/a><\/div><div class=\"eael-entry-thumbnail \">\n                <img loading=\"lazy\" decoding=\"async\" width=\"396\" height=\"360\" src=\"https:\/\/aliancapelavida.com.br\/floripa\/wp-content\/uploads\/2021\/04\/dc-396x360.jpg\" class=\"attachment-htmega_size_396x360 size-htmega_size_396x360 wp-image-499\" alt=\"\" \/>\n            <\/div>\n        <\/div><div class=\"eael-entry-wrapper\"><header class=\"eael-entry-header\"><h2 class=\"eael-entry-title\"><a class=\"eael-grid-post-link\" href=\"https:\/\/aliancapelavida.com.br\/floripa\/2021\/03\/29\/servico-alianca-pela-vida-monitora-pacientes-de-covid-que-se-recuperam-em-casa-2\/\" title=\"Servi\u00e7o Alian\u00e7a Pela Vida realiza mais de 550 atendimentos em 48 horas\">Servi\u00e7o Alian\u00e7a Pela Vida realiza mais de 550 atendimentos em 48 horas<\/a><\/h2><\/header><div class=\"eael-entry-content\">\n                        <div class=\"eael-grid-post-excerpt\"><p>Servi\u00e7o Alian\u00e7a Pela Vida realiza mais de 550 atendimentos em 48 horas \u00a0 \u00a0 Novo...<\/p><a href=\"https:\/\/aliancapelavida.com.br\/floripa\/2021\/03\/29\/servico-alianca-pela-vida-monitora-pacientes-de-covid-que-se-recuperam-em-casa-2\/\" class=\"eael-post-elements-readmore-btn\">Leia mais<\/a><\/div>\n                    <\/div><\/div><\/div>\n        <\/div>\n    <\/article><\/div>\n            <div class=\"clearfix\"><\/div>\n        <\/div>\t\t\t\t<\/div>\n\t\t\t\t<\/div>\n\t\t\t\t<div class=\"elementor-element elementor-element-1852f55 elementor-widget elementor-widget-image\" data-id=\"1852f55\" data-element_type=\"widget\" data-widget_type=\"image.default\">\n\t\t\t\t<div class=\"elementor-widget-container\">\n\t\t\t\t\t\t\t\t\t\t\t\t\t\t\t\t<a href=\"https:\/\/aliancapelavida.com.br\/floripa\">\n\t\t\t\t\t\t\t<img loading=\"lazy\" decoding=\"async\" width=\"585\" height=\"140\" src=\"https:\/\/aliancapelavida.com.br\/floripa\/wp-content\/uploads\/2021\/04\/retornar-home-alianca-pela-vida.png\" class=\"attachment-large size-large wp-image-341\" alt=\"\" srcset=\"https:\/\/aliancapelavida.com.br\/floripa\/wp-content\/uploads\/2021\/04\/retornar-home-alianca-pela-vida.png 585w, https:\/\/aliancapelavida.com.br\/floripa\/wp-content\/uploads\/2021\/04\/retornar-home-alianca-pela-vida-300x72.png 300w\" sizes=\"(max-width: 585px) 100vw, 585px\" \/>\t\t\t\t\t\t\t\t<\/a>\n\t\t\t\t\t\t\t\t\t\t\t\t\t\t\t<\/div>\n\t\t\t\t<\/div>\n\t\t\t\t\t<\/div>\n\t\t<\/div>\n\t\t\t\t\t<\/div>\n\t\t<\/section>\n\t\t\t\t<section class=\"elementor-section elementor-top-section elementor-element elementor-element-d1f8059 elementor-section-boxed elementor-section-height-default elementor-section-height-default\" data-id=\"d1f8059\" data-element_type=\"section\" data-settings=\"{&quot;background_background&quot;:&quot;classic&quot;}\">\n\t\t\t\t\t\t<div class=\"elementor-container elementor-column-gap-default\">\n\t\t\t\t\t<div class=\"elementor-column elementor-col-100 elementor-top-column elementor-element elementor-element-ee9483e\" data-id=\"ee9483e\" data-element_type=\"column\">\n\t\t\t<div class=\"elementor-widget-wrap elementor-element-populated\">\n\t\t\t\t\t\t<div class=\"elementor-element elementor-element-a2c3d6b elementor-widget elementor-widget-image\" data-id=\"a2c3d6b\" data-element_type=\"widget\" data-widget_type=\"image.default\">\n\t\t\t\t<div class=\"elementor-widget-container\">\n\t\t\t\t\t\t\t\t\t\t\t\t\t\t\t<img loading=\"lazy\" decoding=\"async\" width=\"1024\" height=\"337\" src=\"https:\/\/aliancapelavida.com.br\/floripa\/wp-content\/uploads\/2021\/03\/alianca-pela-vida-telefone-contato-1024x337.png\" class=\"attachment-large size-large wp-image-108\" alt=\"\" srcset=\"https:\/\/aliancapelavida.com.br\/floripa\/wp-content\/uploads\/2021\/03\/alianca-pela-vida-telefone-contato-1024x337.png 1024w, https:\/\/aliancapelavida.com.br\/floripa\/wp-content\/uploads\/2021\/03\/alianca-pela-vida-telefone-contato-300x99.png 300w, https:\/\/aliancapelavida.com.br\/floripa\/wp-content\/uploads\/2021\/03\/alianca-pela-vida-telefone-contato-768x253.png 768w, https:\/\/aliancapelavida.com.br\/floripa\/wp-content\/uploads\/2021\/03\/alianca-pela-vida-telefone-contato.png 1242w\" sizes=\"(max-width: 1024px) 100vw, 1024px\" \/>\t\t\t\t\t\t\t\t\t\t\t\t\t\t\t<\/div>\n\t\t\t\t<\/div>\n\t\t\t\t\t<\/div>\n\t\t<\/div>\n\t\t\t\t\t<\/div>\n\t\t<\/section>\n\t\t\t\t<section class=\"elementor-section elementor-top-section elementor-element elementor-element-387dc5f elementor-section-boxed elementor-section-height-default elementor-section-height-default\" data-id=\"387dc5f\" data-element_type=\"section\" data-settings=\"{&quot;background_background&quot;:&quot;classic&quot;}\">\n\t\t\t\t\t\t<div class=\"elementor-container elementor-column-gap-default\">\n\t\t\t\t\t<div class=\"elementor-column elementor-col-100 elementor-top-column elementor-element elementor-element-104d99b\" data-id=\"104d99b\" data-element_type=\"column\">\n\t\t\t<div class=\"elementor-widget-wrap elementor-element-populated\">\n\t\t\t\t\t\t<div class=\"elementor-element elementor-element-9a73594 elementor-widget elementor-widget-image\" data-id=\"9a73594\" data-element_type=\"widget\" data-widget_type=\"image.default\">\n\t\t\t\t<div class=\"elementor-widget-container\">\n\t\t\t\t\t\t\t\t\t\t\t\t\t\t\t<img loading=\"lazy\" decoding=\"async\" width=\"1024\" height=\"229\" src=\"https:\/\/aliancapelavida.com.br\/floripa\/wp-content\/uploads\/2021\/04\/logos-APV-1024x229.png\" class=\"attachment-large size-large wp-image-471\" alt=\"\" srcset=\"https:\/\/aliancapelavida.com.br\/floripa\/wp-content\/uploads\/2021\/04\/logos-APV-1024x229.png 1024w, https:\/\/aliancapelavida.com.br\/floripa\/wp-content\/uploads\/2021\/04\/logos-APV-300x67.png 300w, https:\/\/aliancapelavida.com.br\/floripa\/wp-content\/uploads\/2021\/04\/logos-APV-768x171.png 768w, https:\/\/aliancapelavida.com.br\/floripa\/wp-content\/uploads\/2021\/04\/logos-APV.png 1344w\" sizes=\"(max-width: 1024px) 100vw, 1024px\" \/>\t\t\t\t\t\t\t\t\t\t\t\t\t\t\t<\/div>\n\t\t\t\t<\/div>\n\t\t\t\t\t<\/div>\n\t\t<\/div>\n\t\t\t\t\t<\/div>\n\t\t<\/section>\n\t\t\t\t<\/div>\n\t\t","protected":false},"excerpt":{"rendered":"<p>Florian\u00f3polis \/ S\u00e3o Jos\u00e9 \/ Bigua\u00e7u \/ Palho\u00e7a Not\u00edcias Servi\u00e7o Alian\u00e7a Pela Vida monitora pacientes de Covid que se recuperam em casa Servi\u00e7o Alian\u00e7a Pela Vida monitora pacientes de Covid que se recuperam em casa \u00a0 \u00a0&#8230; Leia mais Fila por leito de UTI reduz em SC e Grande Florian\u00f3polis zera espera \u00a0 \u00a0 \u00a0 &hellip;<\/p>\n<p class=\"read-more\"> <a class=\"\" href=\"https:\/\/aliancapelavida.com.br\/floripa\/2021\/03\/29\/servico-alianca-pela-vida-monitora-pacientes-de-covid-que-se-recuperam-em-casa-2\/\"> <span class=\"screen-reader-text\">Servi\u00e7o Alian\u00e7a Pela Vida realiza mais de 550 atendimentos em 48 horas<\/span> Leia mais &raquo;<\/a><\/p>\n","protected":false},"author":1,"featured_media":0,"parent":0,"menu_order":0,"comment_status":"closed","ping_status":"closed","template":"elementor_canvas","meta":{"footnotes":""},"class_list":["post-241","page","type-page","status-publish","hentry"],"yoast_head":"<!-- This site is optimized with the Yoast SEO plugin v27.2 - https:\/\/yoast.com\/product\/yoast-seo-wordpress\/ -->\n<title>Not\u00edcias &#8226; Alian\u00e7a pela Vida<\/title>\n<meta name=\"robots\" content=\"index, follow, max-snippet:-1, max-image-preview:large, max-video-preview:-1\" \/>\n<link rel=\"canonical\" href=\"https:\/\/aliancapelavida.com.br\/floripa\/noticias\/\" \/>\n<meta property=\"og:locale\" content=\"pt_BR\" \/>\n<meta property=\"og:type\" content=\"article\" \/>\n<meta property=\"og:title\" content=\"Not\u00edcias &#8226; Alian\u00e7a pela Vida\" \/>\n<meta property=\"og:description\" content=\"Florian\u00f3polis \/ S\u00e3o Jos\u00e9 \/ Bigua\u00e7u \/ Palho\u00e7a Not\u00edcias Servi\u00e7o Alian\u00e7a Pela Vida monitora pacientes de Covid que se recuperam em casa Servi\u00e7o Alian\u00e7a Pela Vida monitora pacientes de Covid que se recuperam em casa \u00a0 \u00a0&#8230; Leia mais Fila por leito de UTI reduz em SC e Grande Florian\u00f3polis zera espera \u00a0 \u00a0 \u00a0 &hellip; Servi\u00e7o Alian\u00e7a Pela Vida realiza mais de 550 atendimentos em 48 horas Leia mais &raquo;\" \/>\n<meta property=\"og:url\" content=\"https:\/\/aliancapelavida.com.br\/floripa\/noticias\/\" \/>\n<meta property=\"og:site_name\" content=\"Alian\u00e7a pela Vida\" \/>\n<meta property=\"article:modified_time\" content=\"2021-04-12T20:32:25+00:00\" \/>\n<meta property=\"og:image\" content=\"https:\/\/aliancapelavida.com.br\/floripa\/wp-content\/uploads\/2021\/03\/logo-alianca-pela-vida-floripa.png\" \/>\n<meta name=\"twitter:card\" content=\"summary_large_image\" \/>\n<meta name=\"twitter:label1\" content=\"Est. tempo de leitura\" \/>\n\t<meta name=\"twitter:data1\" content=\"4 minutos\" \/>\n<script type=\"application\/ld+json\" class=\"yoast-schema-graph\">{\"@context\":\"https:\/\/schema.org\",\"@graph\":[{\"@type\":\"WebPage\",\"@id\":\"https:\/\/aliancapelavida.com.br\/floripa\/noticias\/\",\"url\":\"https:\/\/aliancapelavida.com.br\/floripa\/noticias\/\",\"name\":\"Not\u00edcias &#8226; Alian\u00e7a pela Vida\",\"isPartOf\":{\"@id\":\"https:\/\/aliancapelavida.com.br\/floripa\/#website\"},\"primaryImageOfPage\":{\"@id\":\"https:\/\/aliancapelavida.com.br\/floripa\/noticias\/#primaryimage\"},\"image\":{\"@id\":\"https:\/\/aliancapelavida.com.br\/floripa\/noticias\/#primaryimage\"},\"thumbnailUrl\":\"https:\/\/aliancapelavida.com.br\/floripa\/wp-content\/uploads\/2021\/03\/logo-alianca-pela-vida-floripa.png\",\"datePublished\":\"2021-04-05T17:04:20+00:00\",\"dateModified\":\"2021-04-12T20:32:25+00:00\",\"breadcrumb\":{\"@id\":\"https:\/\/aliancapelavida.com.br\/floripa\/noticias\/#breadcrumb\"},\"inLanguage\":\"pt-BR\",\"potentialAction\":[{\"@type\":\"ReadAction\",\"target\":[\"https:\/\/aliancapelavida.com.br\/floripa\/noticias\/\"]}]},{\"@type\":\"ImageObject\",\"inLanguage\":\"pt-BR\",\"@id\":\"https:\/\/aliancapelavida.com.br\/floripa\/noticias\/#primaryimage\",\"url\":\"https:\/\/aliancapelavida.com.br\/floripa\/wp-content\/uploads\/2021\/03\/logo-alianca-pela-vida-floripa.png\",\"contentUrl\":\"https:\/\/aliancapelavida.com.br\/floripa\/wp-content\/uploads\/2021\/03\/logo-alianca-pela-vida-floripa.png\",\"width\":600,\"height\":127},{\"@type\":\"BreadcrumbList\",\"@id\":\"https:\/\/aliancapelavida.com.br\/floripa\/noticias\/#breadcrumb\",\"itemListElement\":[{\"@type\":\"ListItem\",\"position\":1,\"name\":\"In\u00edcio\",\"item\":\"https:\/\/aliancapelavida.com.br\/floripa\/\"},{\"@type\":\"ListItem\",\"position\":2,\"name\":\"Not\u00edcias\"}]},{\"@type\":\"WebSite\",\"@id\":\"https:\/\/aliancapelavida.com.br\/floripa\/#website\",\"url\":\"https:\/\/aliancapelavida.com.br\/floripa\/\",\"name\":\"Alian\u00e7a pela Vida\",\"description\":\"Empres&aacute;rios e entidades formam uma alian&ccedil;a pela vida e sa&uacute;de de Florian&oacute;polis.\",\"publisher\":{\"@id\":\"https:\/\/aliancapelavida.com.br\/floripa\/#organization\"},\"potentialAction\":[{\"@type\":\"SearchAction\",\"target\":{\"@type\":\"EntryPoint\",\"urlTemplate\":\"https:\/\/aliancapelavida.com.br\/floripa\/?s={search_term_string}\"},\"query-input\":{\"@type\":\"PropertyValueSpecification\",\"valueRequired\":true,\"valueName\":\"search_term_string\"}}],\"inLanguage\":\"pt-BR\"},{\"@type\":\"Organization\",\"@id\":\"https:\/\/aliancapelavida.com.br\/floripa\/#organization\",\"name\":\"Alian\u00e7a pela Vida\",\"url\":\"https:\/\/aliancapelavida.com.br\/floripa\/\",\"logo\":{\"@type\":\"ImageObject\",\"inLanguage\":\"pt-BR\",\"@id\":\"https:\/\/aliancapelavida.com.br\/floripa\/#\/schema\/logo\/image\/\",\"url\":\"https:\/\/aliancapelavida.com.br\/floripa\/wp-content\/uploads\/2021\/04\/cropped-icone-alianca-pela-vida.png\",\"contentUrl\":\"https:\/\/aliancapelavida.com.br\/floripa\/wp-content\/uploads\/2021\/04\/cropped-icone-alianca-pela-vida.png\",\"width\":512,\"height\":512,\"caption\":\"Alian\u00e7a pela Vida\"},\"image\":{\"@id\":\"https:\/\/aliancapelavida.com.br\/floripa\/#\/schema\/logo\/image\/\"}}]}<\/script>\n<!-- \/ Yoast SEO plugin. -->","yoast_head_json":{"title":"Not\u00edcias &#8226; Alian\u00e7a pela Vida","robots":{"index":"index","follow":"follow","max-snippet":"max-snippet:-1","max-image-preview":"max-image-preview:large","max-video-preview":"max-video-preview:-1"},"canonical":"https:\/\/aliancapelavida.com.br\/floripa\/noticias\/","og_locale":"pt_BR","og_type":"article","og_title":"Not\u00edcias &#8226; Alian\u00e7a pela Vida","og_description":"Florian\u00f3polis \/ S\u00e3o Jos\u00e9 \/ Bigua\u00e7u \/ Palho\u00e7a Not\u00edcias Servi\u00e7o Alian\u00e7a Pela Vida monitora pacientes de Covid que se recuperam em casa Servi\u00e7o Alian\u00e7a Pela Vida monitora pacientes de Covid que se recuperam em casa \u00a0 \u00a0&#8230; Leia mais Fila por leito de UTI reduz em SC e Grande Florian\u00f3polis zera espera \u00a0 \u00a0 \u00a0 &hellip; Servi\u00e7o Alian\u00e7a Pela Vida realiza mais de 550 atendimentos em 48 horas Leia mais &raquo;","og_url":"https:\/\/aliancapelavida.com.br\/floripa\/noticias\/","og_site_name":"Alian\u00e7a pela Vida","article_modified_time":"2021-04-12T20:32:25+00:00","og_image":[{"url":"https:\/\/aliancapelavida.com.br\/floripa\/wp-content\/uploads\/2021\/03\/logo-alianca-pela-vida-floripa.png","type":"","width":"","height":""}],"twitter_card":"summary_large_image","twitter_misc":{"Est. tempo de leitura":"4 minutos"},"schema":{"@context":"https:\/\/schema.org","@graph":[{"@type":"WebPage","@id":"https:\/\/aliancapelavida.com.br\/floripa\/noticias\/","url":"https:\/\/aliancapelavida.com.br\/floripa\/noticias\/","name":"Not\u00edcias &#8226; Alian\u00e7a pela Vida","isPartOf":{"@id":"https:\/\/aliancapelavida.com.br\/floripa\/#website"},"primaryImageOfPage":{"@id":"https:\/\/aliancapelavida.com.br\/floripa\/noticias\/#primaryimage"},"image":{"@id":"https:\/\/aliancapelavida.com.br\/floripa\/noticias\/#primaryimage"},"thumbnailUrl":"https:\/\/aliancapelavida.com.br\/floripa\/wp-content\/uploads\/2021\/03\/logo-alianca-pela-vida-floripa.png","datePublished":"2021-04-05T17:04:20+00:00","dateModified":"2021-04-12T20:32:25+00:00","breadcrumb":{"@id":"https:\/\/aliancapelavida.com.br\/floripa\/noticias\/#breadcrumb"},"inLanguage":"pt-BR","potentialAction":[{"@type":"ReadAction","target":["https:\/\/aliancapelavida.com.br\/floripa\/noticias\/"]}]},{"@type":"ImageObject","inLanguage":"pt-BR","@id":"https:\/\/aliancapelavida.com.br\/floripa\/noticias\/#primaryimage","url":"https:\/\/aliancapelavida.com.br\/floripa\/wp-content\/uploads\/2021\/03\/logo-alianca-pela-vida-floripa.png","contentUrl":"https:\/\/aliancapelavida.com.br\/floripa\/wp-content\/uploads\/2021\/03\/logo-alianca-pela-vida-floripa.png","width":600,"height":127},{"@type":"BreadcrumbList","@id":"https:\/\/aliancapelavida.com.br\/floripa\/noticias\/#breadcrumb","itemListElement":[{"@type":"ListItem","position":1,"name":"In\u00edcio","item":"https:\/\/aliancapelavida.com.br\/floripa\/"},{"@type":"ListItem","position":2,"name":"Not\u00edcias"}]},{"@type":"WebSite","@id":"https:\/\/aliancapelavida.com.br\/floripa\/#website","url":"https:\/\/aliancapelavida.com.br\/floripa\/","name":"Alian\u00e7a pela Vida","description":"Empres&aacute;rios e entidades formam uma alian&ccedil;a pela vida e sa&uacute;de de Florian&oacute;polis.","publisher":{"@id":"https:\/\/aliancapelavida.com.br\/floripa\/#organization"},"potentialAction":[{"@type":"SearchAction","target":{"@type":"EntryPoint","urlTemplate":"https:\/\/aliancapelavida.com.br\/floripa\/?s={search_term_string}"},"query-input":{"@type":"PropertyValueSpecification","valueRequired":true,"valueName":"search_term_string"}}],"inLanguage":"pt-BR"},{"@type":"Organization","@id":"https:\/\/aliancapelavida.com.br\/floripa\/#organization","name":"Alian\u00e7a pela Vida","url":"https:\/\/aliancapelavida.com.br\/floripa\/","logo":{"@type":"ImageObject","inLanguage":"pt-BR","@id":"https:\/\/aliancapelavida.com.br\/floripa\/#\/schema\/logo\/image\/","url":"https:\/\/aliancapelavida.com.br\/floripa\/wp-content\/uploads\/2021\/04\/cropped-icone-alianca-pela-vida.png","contentUrl":"https:\/\/aliancapelavida.com.br\/floripa\/wp-content\/uploads\/2021\/04\/cropped-icone-alianca-pela-vida.png","width":512,"height":512,"caption":"Alian\u00e7a pela Vida"},"image":{"@id":"https:\/\/aliancapelavida.com.br\/floripa\/#\/schema\/logo\/image\/"}}]}},"_links":{"self":[{"href":"https:\/\/aliancapelavida.com.br\/floripa\/wp-json\/wp\/v2\/pages\/241","targetHints":{"allow":["GET"]}}],"collection":[{"href":"https:\/\/aliancapelavida.com.br\/floripa\/wp-json\/wp\/v2\/pages"}],"about":[{"href":"https:\/\/aliancapelavida.com.br\/floripa\/wp-json\/wp\/v2\/types\/page"}],"author":[{"embeddable":true,"href":"https:\/\/aliancapelavida.com.br\/floripa\/wp-json\/wp\/v2\/users\/1"}],"replies":[{"embeddable":true,"href":"https:\/\/aliancapelavida.com.br\/floripa\/wp-json\/wp\/v2\/comments?post=241"}],"version-history":[{"count":93,"href":"https:\/\/aliancapelavida.com.br\/floripa\/wp-json\/wp\/v2\/pages\/241\/revisions"}],"predecessor-version":[{"id":489,"href":"https:\/\/aliancapelavida.com.br\/floripa\/wp-json\/wp\/v2\/pages\/241\/revisions\/489"}],"wp:attachment":[{"href":"https:\/\/aliancapelavida.com.br\/floripa\/wp-json\/wp\/v2\/media?parent=241"}],"curies":[{"name":"wp","href":"https:\/\/api.w.org\/{rel}","templated":true}]}}